{"id":2186,"date":"2021-02-24T10:53:21","date_gmt":"2021-02-24T13:53:21","guid":{"rendered":"https:\/\/serviir.com.br\/blog\/?page_id=2186"},"modified":"2026-04-16T09:29:45","modified_gmt":"2026-04-16T12:29:45","slug":"blog-v2","status":"publish","type":"page","link":"https:\/\/serviir.com.br\/novosite\/blog-v2\/","title":{"rendered":"Blog"},"content":{"rendered":"\t\t<div data-elementor-type=\"wp-page\" data-elementor-id=\"2186\" class=\"elementor elementor-2186\" data-elementor-post-type=\"page\">\n\t\t\t\t\t\t\t\t\t<section class=\"elementor-section elementor-top-section elementor-element elementor-element-fb85b13 elementor-section-boxed elementor-section-height-default elementor-section-height-default elementor-invisible\" data-id=\"fb85b13\" data-element_type=\"section\" data-settings=\"{&quot;background_background&quot;:&quot;classic&quot;,&quot;shape_divider_top&quot;:&quot;opacity-tilt&quot;,&quot;animation&quot;:&quot;fadeInDown&quot;}\">\n\t\t\t\t\t<div class=\"elementor-shape elementor-shape-top\" data-negative=\"false\">\n\t\t\t<svg xmlns=\"http:\/\/www.w3.org\/2000\/svg\" viewBox=\"0 0 2600 131.1\" preserveAspectRatio=\"none\">\n\t<path class=\"elementor-shape-fill\" d=\"M0 0L2600 0 2600 69.1 0 0z\"\/>\n\t<path class=\"elementor-shape-fill\" style=\"opacity:0.5\" d=\"M0 0L2600 0 2600 69.1 0 69.1z\"\/>\n\t<path class=\"elementor-shape-fill\" style=\"opacity:0.25\" d=\"M2600 0L0 0 0 130.1 2600 69.1z\"\/>\n<\/svg>\t\t<\/div>\n\t\t\t\t\t<div class=\"elementor-container elementor-column-gap-default\">\n\t\t\t\t\t<div class=\"elementor-column elementor-col-50 elementor-top-column elementor-element elementor-element-3f56206 elementor-invisible\" data-id=\"3f56206\" data-element_type=\"column\" data-settings=\"{&quot;animation&quot;:&quot;fadeInLeft&quot;,&quot;background_background&quot;:&quot;classic&quot;}\">\n\t\t\t<div class=\"elementor-widget-wrap elementor-element-populated\">\n\t\t\t\t\t\t\t\t<div class=\"elementor-element elementor-element-d19ffc2 elementor-widget elementor-widget-heading\" data-id=\"d19ffc2\" data-element_type=\"widget\" data-widget_type=\"heading.default\">\n\t\t\t\t<div class=\"elementor-widget-container\">\n\t\t\t<style>\/*! elementor - v3.17.0 - 08-11-2023 *\/\n.elementor-heading-title{padding:0;margin:0;line-height:1}.elementor-widget-heading .elementor-heading-title[class*=elementor-size-]>a{color:inherit;font-size:inherit;line-height:inherit}.elementor-widget-heading .elementor-heading-title.elementor-size-small{font-size:15px}.elementor-widget-heading .elementor-heading-title.elementor-size-medium{font-size:19px}.elementor-widget-heading .elementor-heading-title.elementor-size-large{font-size:29px}.elementor-widget-heading .elementor-heading-title.elementor-size-xl{font-size:39px}.elementor-widget-heading .elementor-heading-title.elementor-size-xxl{font-size:59px}<\/style><h2 class=\"elementor-heading-title elementor-size-default\">Fique por dentro<\/h2>\t\t<\/div>\n\t\t\t\t<\/div>\n\t\t\t\t<div class=\"elementor-element elementor-element-fec84eb elementor-widget elementor-widget-text-editor\" data-id=\"fec84eb\" data-element_type=\"widget\" data-widget_type=\"text-editor.default\">\n\t\t\t\t<div class=\"elementor-widget-container\">\n\t\t\t<style>\/*! elementor - v3.17.0 - 08-11-2023 *\/\n.elementor-widget-text-editor.elementor-drop-cap-view-stacked .elementor-drop-cap{background-color:#69727d;color:#fff}.elementor-widget-text-editor.elementor-drop-cap-view-framed .elementor-drop-cap{color:#69727d;border:3px solid;background-color:transparent}.elementor-widget-text-editor:not(.elementor-drop-cap-view-default) .elementor-drop-cap{margin-top:8px}.elementor-widget-text-editor:not(.elementor-drop-cap-view-default) .elementor-drop-cap-letter{width:1em;height:1em}.elementor-widget-text-editor .elementor-drop-cap{float:left;text-align:center;line-height:1;font-size:50px}.elementor-widget-text-editor .elementor-drop-cap-letter{display:inline-block}<\/style>\t\t\t\t<p><span style=\"font-size: 16px;\">Confira as principais novidades, em conte\u00fados com acessibilidade, para manter a comunidade surda informada sobre tudo que pode impactar diretamente sua vida na sociedade.<\/span><br><\/p>\t\t\t\t\t\t<\/div>\n\t\t\t\t<\/div>\n\t\t\t\t<div class=\"elementor-element elementor-element-40ffa1b elementor-widget elementor-widget-spacer\" data-id=\"40ffa1b\" data-element_type=\"widget\" data-widget_type=\"spacer.default\">\n\t\t\t\t<div class=\"elementor-widget-container\">\n\t\t\t<style>\/*! elementor - v3.17.0 - 08-11-2023 *\/\n.elementor-column .elementor-spacer-inner{height:var(--spacer-size)}.e-con{--container-widget-width:100%}.e-con-inner>.elementor-widget-spacer,.e-con>.elementor-widget-spacer{width:var(--container-widget-width,var(--spacer-size));--align-self:var(--container-widget-align-self,initial);--flex-shrink:0}.e-con-inner>.elementor-widget-spacer>.elementor-widget-container,.e-con>.elementor-widget-spacer>.elementor-widget-container{height:100%;width:100%}.e-con-inner>.elementor-widget-spacer>.elementor-widget-container>.elementor-spacer,.e-con>.elementor-widget-spacer>.elementor-widget-container>.elementor-spacer{height:100%}.e-con-inner>.elementor-widget-spacer>.elementor-widget-container>.elementor-spacer>.elementor-spacer-inner,.e-con>.elementor-widget-spacer>.elementor-widget-container>.elementor-spacer>.elementor-spacer-inner{height:var(--container-widget-height,var(--spacer-size))}.e-con-inner>.elementor-widget-spacer.elementor-widget-empty,.e-con>.elementor-widget-spacer.elementor-widget-empty{position:relative;min-height:22px;min-width:22px}.e-con-inner>.elementor-widget-spacer.elementor-widget-empty .elementor-widget-empty-icon,.e-con>.elementor-widget-spacer.elementor-widget-empty .elementor-widget-empty-icon{position:absolute;top:0;bottom:0;left:0;right:0;margin:auto;padding:0;width:22px;height:22px}<\/style>\t\t<div class=\"elementor-spacer\">\n\t\t\t<div class=\"elementor-spacer-inner\"><\/div>\n\t\t<\/div>\n\t\t\t\t<\/div>\n\t\t\t\t<\/div>\n\t\t\t\t\t<\/div>\n\t\t<\/div>\n\t\t\t\t<div class=\"elementor-column elementor-col-50 elementor-top-column elementor-element elementor-element-6f6ca97\" data-id=\"6f6ca97\" data-element_type=\"column\">\n\t\t\t<div class=\"elementor-widget-wrap elementor-element-populated\">\n\t\t\t\t\t\t\t\t<div class=\"elementor-element elementor-element-4dd9660 elementor-skin-carousel elementor-arrows-yes elementor-pagination-type-bullets elementor-pagination-position-outside elementor-invisible elementor-widget elementor-widget-media-carousel\" data-id=\"4dd9660\" data-element_type=\"widget\" data-settings=\"{&quot;slides_per_view&quot;:&quot;1&quot;,&quot;slides_to_scroll&quot;:&quot;1&quot;,&quot;motion_fx_tilt_speed&quot;:{&quot;unit&quot;:&quot;px&quot;,&quot;size&quot;:5,&quot;sizes&quot;:[]},&quot;motion_fx_motion_fx_mouse&quot;:&quot;yes&quot;,&quot;motion_fx_tilt_effect&quot;:&quot;yes&quot;,&quot;_animation&quot;:&quot;rubberBand&quot;,&quot;skin&quot;:&quot;carousel&quot;,&quot;effect&quot;:&quot;slide&quot;,&quot;show_arrows&quot;:&quot;yes&quot;,&quot;pagination&quot;:&quot;bullets&quot;,&quot;speed&quot;:500,&quot;autoplay&quot;:&quot;yes&quot;,&quot;autoplay_speed&quot;:5000,&quot;loop&quot;:&quot;yes&quot;,&quot;pause_on_hover&quot;:&quot;yes&quot;,&quot;pause_on_interaction&quot;:&quot;yes&quot;,&quot;space_between&quot;:{&quot;unit&quot;:&quot;px&quot;,&quot;size&quot;:10,&quot;sizes&quot;:[]},&quot;space_between_tablet&quot;:{&quot;unit&quot;:&quot;px&quot;,&quot;size&quot;:10,&quot;sizes&quot;:[]},&quot;space_between_mobile&quot;:{&quot;unit&quot;:&quot;px&quot;,&quot;size&quot;:10,&quot;sizes&quot;:[]}}\" data-widget_type=\"media-carousel.default\">\n\t\t\t\t<div class=\"elementor-widget-container\">\n\t\t\t<link rel=\"stylesheet\" href=\"https:\/\/serviir.com.br\/novosite\/wp-content\/plugins\/elementor-pro\/assets\/css\/widget-carousel.min.css\">\t\t<div class=\"elementor-swiper\">\n\t\t\t<div class=\"elementor-main-swiper swiper-container\">\n\t\t\t\t<div class=\"swiper-wrapper\">\n\t\t\t\t\t\t\t\t\t\t\t<div class=\"swiper-slide\">\n\t\t\t\t\t\t\t<a href=\"https:\/\/serviir.com.br\/novosite\/\/wp-content\/uploads\/2021\/02\/Play-Botton.png\" data-elementor-open-lightbox=\"yes\" data-elementor-lightbox-slideshow=\"4dd9660\" data-elementor-lightbox-title=\"Play Botton\" data-e-action-hash=\"#elementor-action%3Aaction%3Dlightbox%26settings%3DeyJpZCI6MTIxMSwidXJsIjoiaHR0cHM6XC9cL3NlcnZpaXIuY29tLmJyXC9ub3Zvc2l0ZVwvd3AtY29udGVudFwvdXBsb2Fkc1wvMjAyMVwvMDJcL1BsYXktQm90dG9uLWUxNjE3MTE3MDk2Mjc1LnBuZyIsInNsaWRlc2hvdyI6IjRkZDk2NjAifQ%3D%3D\" data-elementor-lightbox-video=\"https:\/\/www.youtube.com\/embed\/xuIEP5A7Too?feature=oembed&amp;autoplay=1&amp;rel=0&amp;controls=0\">\t\t<div class=\"elementor-carousel-image\" role=\"img\" aria-label=\"Play Botton\" style=\"background-image: url(&#039;https:\/\/serviir.com.br\/novosite\/wp-content\/uploads\/2021\/02\/Play-Botton-e1617117096275.png&#039;)\">\n\n\t\t\t\n\t\t\t\t\t\t\t<div class=\"elementor-custom-embed-play\">\n\t\t\t\t\t<svg aria-hidden=\"true\" class=\"e-font-icon-svg e-eicon-play\" viewBox=\"0 0 1000 1000\" xmlns=\"http:\/\/www.w3.org\/2000\/svg\"><path d=\"M838 162C746 71 633 25 500 25 371 25 258 71 163 162 71 254 25 367 25 500 25 633 71 746 163 837 254 929 367 979 500 979 633 979 746 933 838 837 929 746 975 633 975 500 975 367 929 254 838 162M808 192C892 279 933 379 933 500 933 621 892 725 808 808 725 892 621 938 500 938 379 938 279 896 196 808 113 725 67 621 67 500 67 379 108 279 196 192 279 108 383 62 500 62 621 62 721 108 808 192M438 392V642L642 517 438 392Z\"><\/path><\/svg>\t\t\t\t\t<span class=\"elementor-screen-only\">Reproduzir<\/span>\n\t\t\t\t<\/div>\n\t\t\t\t\t<\/div>\n\t\t<\/a>\t\t\t\t\t\t<\/div>\n\t\t\t\t\t\t\t\t\t<\/div>\n\t\t\t\t\t\t\t<\/div>\n\t\t<\/div>\n\t\t\t\t<\/div>\n\t\t\t\t<\/div>\n\t\t\t\t\t<\/div>\n\t\t<\/div>\n\t\t\t\t\t\t\t<\/div>\n\t\t<\/section>\n\t\t\t\t<section class=\"elementor-section elementor-top-section elementor-element elementor-element-2a76ade elementor-section-boxed elementor-section-height-default elementor-section-height-default\" data-id=\"2a76ade\" data-element_type=\"section\" data-settings=\"{&quot;background_background&quot;:&quot;classic&quot;}\">\n\t\t\t\t\t\t<div class=\"elementor-container elementor-column-gap-default\">\n\t\t\t\t\t<div class=\"elementor-column elementor-col-100 elementor-top-column elementor-element elementor-element-258e801\" data-id=\"258e801\" data-element_type=\"column\">\n\t\t\t<div class=\"elementor-widget-wrap elementor-element-populated\">\n\t\t\t\t\t\t\t\t<div class=\"elementor-element elementor-element-872b471 elementor-widget elementor-widget-spacer\" data-id=\"872b471\" data-element_type=\"widget\" data-widget_type=\"spacer.default\">\n\t\t\t\t<div class=\"elementor-widget-container\">\n\t\t\t\t\t<div class=\"elementor-spacer\">\n\t\t\t<div class=\"elementor-spacer-inner\"><\/div>\n\t\t<\/div>\n\t\t\t\t<\/div>\n\t\t\t\t<\/div>\n\t\t\t\t<div class=\"elementor-element elementor-element-81a40dd elementor-widget elementor-widget-heading\" data-id=\"81a40dd\" data-element_type=\"widget\" data-widget_type=\"heading.default\">\n\t\t\t\t<div class=\"elementor-widget-container\">\n\t\t\t<h2 class=\"elementor-heading-title elementor-size-default\">\u00daLTIMAS ATUALIZA\u00c7\u00d5ES<\/h2>\t\t<\/div>\n\t\t\t\t<\/div>\n\t\t\t\t<div class=\"elementor-element elementor-element-752c5e5 elementor-grid-3 elementor-grid-tablet-2 elementor-grid-mobile-1 elementor-posts--thumbnail-top elementor-card-shadow-yes elementor-posts__hover-gradient elementor-invisible elementor-widget elementor-widget-posts\" data-id=\"752c5e5\" data-element_type=\"widget\" data-settings=\"{&quot;_animation&quot;:&quot;bounceIn&quot;,&quot;cards_columns&quot;:&quot;3&quot;,&quot;cards_columns_tablet&quot;:&quot;2&quot;,&quot;cards_columns_mobile&quot;:&quot;1&quot;,&quot;cards_row_gap&quot;:{&quot;unit&quot;:&quot;px&quot;,&quot;size&quot;:35,&quot;sizes&quot;:[]},&quot;cards_row_gap_tablet&quot;:{&quot;unit&quot;:&quot;px&quot;,&quot;size&quot;:&quot;&quot;,&quot;sizes&quot;:[]},&quot;cards_row_gap_mobile&quot;:{&quot;unit&quot;:&quot;px&quot;,&quot;size&quot;:&quot;&quot;,&quot;sizes&quot;:[]}}\" data-widget_type=\"posts.cards\">\n\t\t\t\t<div class=\"elementor-widget-container\">\n\t\t\t<link rel=\"stylesheet\" href=\"https:\/\/serviir.com.br\/novosite\/wp-content\/plugins\/elementor-pro\/assets\/css\/widget-posts.min.css\">\t\t<div class=\"elementor-posts-container elementor-posts elementor-posts--skin-cards elementor-grid\">\n\t\t\t\t<article class=\"elementor-post elementor-grid-item post-7085 post type-post status-publish format-standard has-post-thumbnail hentry category-saude-e-bem-estar tag-acessibilidade tag-aids tag-central-de-libras tag-comunidade-surda tag-dezembro-vermelho tag-hiv tag-ist tag-lingua-de-sinais entry has-media\">\n\t\t\t<div class=\"elementor-post__card\">\n\t\t\t\t<a class=\"elementor-post__thumbnail__link\" href=\"https:\/\/serviir.com.br\/novosite\/voce-conhece-a-campanha-dezembro-vermelho\/\" tabindex=\"-1\" ><div class=\"elementor-post__thumbnail\"><img loading=\"lazy\" decoding=\"async\" width=\"300\" height=\"169\" src=\"https:\/\/serviir.com.br\/novosite\/wp-content\/uploads\/2023\/12\/capa_blog_dezembro_vermelho-300x169.png\" class=\"attachment-medium size-medium wp-image-7086\" alt=\"\" srcset=\"https:\/\/serviir.com.br\/novosite\/wp-content\/uploads\/2023\/12\/capa_blog_dezembro_vermelho-300x169.png 300w, https:\/\/serviir.com.br\/novosite\/wp-content\/uploads\/2023\/12\/capa_blog_dezembro_vermelho-1024x576.png 1024w, https:\/\/serviir.com.br\/novosite\/wp-content\/uploads\/2023\/12\/capa_blog_dezembro_vermelho-768x432.png 768w, https:\/\/serviir.com.br\/novosite\/wp-content\/uploads\/2023\/12\/capa_blog_dezembro_vermelho-1536x864.png 1536w, https:\/\/serviir.com.br\/novosite\/wp-content\/uploads\/2023\/12\/capa_blog_dezembro_vermelho-800x450.png 800w, https:\/\/serviir.com.br\/novosite\/wp-content\/uploads\/2023\/12\/capa_blog_dezembro_vermelho.png 1920w\" sizes=\"auto, (max-width: 300px) 100vw, 300px\" \/><\/div><\/a>\n\t\t\t\t<div class=\"elementor-post__text\">\n\t\t\t\t<h3 class=\"elementor-post__title\">\n\t\t\t<a href=\"https:\/\/serviir.com.br\/novosite\/voce-conhece-a-campanha-dezembro-vermelho\/\" >\n\t\t\t\tVoc\u00ea conhece a campanha Dezembro Vermelho?\t\t\t<\/a>\n\t\t<\/h3>\n\t\t\t\t<div class=\"elementor-post__excerpt\">\n\t\t\t<p>&nbsp; A campanha Dezembro Vermelho foi institu\u00edda no Brasil em 2017, com a proposta de mobilizar a popula\u00e7\u00e3o sobre a preven\u00e7\u00e3o ao v\u00edrus HIV, a<\/p>\n\t\t<\/div>\n\t\t\n\t\t<a class=\"elementor-post__read-more\" href=\"https:\/\/serviir.com.br\/novosite\/voce-conhece-a-campanha-dezembro-vermelho\/\" aria-label=\"Leia mais sobre Voc\u00ea conhece a campanha Dezembro Vermelho?\" tabindex=\"-1\" >\n\t\t\tContinuar Leitura \u00bb\t\t<\/a>\n\n\t\t\t\t<\/div>\n\t\t\t\t\t<\/div>\n\t\t<\/article>\n\t\t\t\t<article class=\"elementor-post elementor-grid-item post-7074 post type-post status-publish format-standard has-post-thumbnail hentry category-saude-e-bem-estar tag-acessibilidade tag-comunidade-surda tag-desporto-de-surdos entry has-media\">\n\t\t\t<div class=\"elementor-post__card\">\n\t\t\t\t<a class=\"elementor-post__thumbnail__link\" href=\"https:\/\/serviir.com.br\/novosite\/brasil-vai-sediar-o-campeonato-mundial-de-futsal-de-surdos-2023\/\" tabindex=\"-1\" ><div class=\"elementor-post__thumbnail\"><img loading=\"lazy\" decoding=\"async\" width=\"300\" height=\"169\" src=\"https:\/\/serviir.com.br\/novosite\/wp-content\/uploads\/2023\/11\/CAPA-YT-300x169.png\" class=\"attachment-medium size-medium wp-image-7076\" alt=\"arte de divulga\u00e7\u00e3o do mundial de futsal de surdos\" srcset=\"https:\/\/serviir.com.br\/novosite\/wp-content\/uploads\/2023\/11\/CAPA-YT-300x169.png 300w, https:\/\/serviir.com.br\/novosite\/wp-content\/uploads\/2023\/11\/CAPA-YT-1024x576.png 1024w, https:\/\/serviir.com.br\/novosite\/wp-content\/uploads\/2023\/11\/CAPA-YT-768x432.png 768w, https:\/\/serviir.com.br\/novosite\/wp-content\/uploads\/2023\/11\/CAPA-YT-1536x864.png 1536w, https:\/\/serviir.com.br\/novosite\/wp-content\/uploads\/2023\/11\/CAPA-YT-800x450.png 800w, https:\/\/serviir.com.br\/novosite\/wp-content\/uploads\/2023\/11\/CAPA-YT.png 1920w\" sizes=\"auto, (max-width: 300px) 100vw, 300px\" \/><\/div><\/a>\n\t\t\t\t<div class=\"elementor-post__text\">\n\t\t\t\t<h3 class=\"elementor-post__title\">\n\t\t\t<a href=\"https:\/\/serviir.com.br\/novosite\/brasil-vai-sediar-o-campeonato-mundial-de-futsal-de-surdos-2023\/\" >\n\t\t\t\tBrasil vai sediar o Campeonato Mundial de Futsal de Surdos 2023\t\t\t<\/a>\n\t\t<\/h3>\n\t\t\t\t<div class=\"elementor-post__excerpt\">\n\t\t\t<p>Voc\u00ea sabia que o Brasil vai sediar a 5\u00aa edi\u00e7\u00e3o do Campeonato Mundial de Futsal de Surdos? O evento internacional ser\u00e1 realizado entre os dias<\/p>\n\t\t<\/div>\n\t\t\n\t\t<a class=\"elementor-post__read-more\" href=\"https:\/\/serviir.com.br\/novosite\/brasil-vai-sediar-o-campeonato-mundial-de-futsal-de-surdos-2023\/\" aria-label=\"Leia mais sobre Brasil vai sediar o Campeonato Mundial de Futsal de Surdos 2023\" tabindex=\"-1\" >\n\t\t\tContinuar Leitura \u00bb\t\t<\/a>\n\n\t\t\t\t<\/div>\n\t\t\t\t\t<\/div>\n\t\t<\/article>\n\t\t\t\t<article class=\"elementor-post elementor-grid-item post-7066 post type-post status-publish format-standard has-post-thumbnail hentry category-saude-e-bem-estar tag-acessibilidade tag-comunidade-surda tag-prevencao-ao-suicidio tag-psicologia tag-setembro-amarelo entry has-media\">\n\t\t\t<div class=\"elementor-post__card\">\n\t\t\t\t<a class=\"elementor-post__thumbnail__link\" href=\"https:\/\/serviir.com.br\/novosite\/saiba-mais-sobre-a-campanha-nacional-setembro-amarelo\/\" tabindex=\"-1\" ><div class=\"elementor-post__thumbnail\"><img loading=\"lazy\" decoding=\"async\" width=\"300\" height=\"169\" src=\"https:\/\/serviir.com.br\/novosite\/wp-content\/uploads\/2023\/09\/Capa_YT_SETEMBRO_AMARELO-300x169.png\" class=\"attachment-medium size-medium wp-image-7069\" alt=\"arte sobre a campanha Setembro Amarelo\" srcset=\"https:\/\/serviir.com.br\/novosite\/wp-content\/uploads\/2023\/09\/Capa_YT_SETEMBRO_AMARELO-300x169.png 300w, https:\/\/serviir.com.br\/novosite\/wp-content\/uploads\/2023\/09\/Capa_YT_SETEMBRO_AMARELO-1024x576.png 1024w, https:\/\/serviir.com.br\/novosite\/wp-content\/uploads\/2023\/09\/Capa_YT_SETEMBRO_AMARELO-768x432.png 768w, https:\/\/serviir.com.br\/novosite\/wp-content\/uploads\/2023\/09\/Capa_YT_SETEMBRO_AMARELO-1536x864.png 1536w, https:\/\/serviir.com.br\/novosite\/wp-content\/uploads\/2023\/09\/Capa_YT_SETEMBRO_AMARELO-800x450.png 800w, https:\/\/serviir.com.br\/novosite\/wp-content\/uploads\/2023\/09\/Capa_YT_SETEMBRO_AMARELO.png 1920w\" sizes=\"auto, (max-width: 300px) 100vw, 300px\" \/><\/div><\/a>\n\t\t\t\t<div class=\"elementor-post__text\">\n\t\t\t\t<h3 class=\"elementor-post__title\">\n\t\t\t<a href=\"https:\/\/serviir.com.br\/novosite\/saiba-mais-sobre-a-campanha-nacional-setembro-amarelo\/\" >\n\t\t\t\tSetembro Amarelo: saiba mais sobre a campanha de preven\u00e7\u00e3o ao suic\u00eddio\t\t\t<\/a>\n\t\t<\/h3>\n\t\t\t\t<div class=\"elementor-post__excerpt\">\n\t\t\t<p>Voc\u00ea conhece a campanha Setembro Amarelo? Ela tem por objetivo conscientizar as pessoas sobre a import\u00e2ncia de procurar atendimento profissional sempre que precisar de ajuda<\/p>\n\t\t<\/div>\n\t\t\n\t\t<a class=\"elementor-post__read-more\" href=\"https:\/\/serviir.com.br\/novosite\/saiba-mais-sobre-a-campanha-nacional-setembro-amarelo\/\" aria-label=\"Leia mais sobre Setembro Amarelo: saiba mais sobre a campanha de preven\u00e7\u00e3o ao suic\u00eddio\" tabindex=\"-1\" >\n\t\t\tContinuar Leitura \u00bb\t\t<\/a>\n\n\t\t\t\t<\/div>\n\t\t\t\t\t<\/div>\n\t\t<\/article>\n\t\t\t\t<\/div>\n\t\t\n\t\t\t\t<\/div>\n\t\t\t\t<\/div>\n\t\t\t\t<div class=\"elementor-element elementor-element-22e45b0 elementor-widget elementor-widget-spacer\" data-id=\"22e45b0\" data-element_type=\"widget\" data-widget_type=\"spacer.default\">\n\t\t\t\t<div class=\"elementor-widget-container\">\n\t\t\t\t\t<div class=\"elementor-spacer\">\n\t\t\t<div class=\"elementor-spacer-inner\"><\/div>\n\t\t<\/div>\n\t\t\t\t<\/div>\n\t\t\t\t<\/div>\n\t\t\t\t<section class=\"elementor-section elementor-inner-section elementor-element elementor-element-67aa876 elementor-section-full_width elementor-section-height-default elementor-section-height-default\" data-id=\"67aa876\" data-element_type=\"section\">\n\t\t\t\t\t\t<div class=\"elementor-container elementor-column-gap-default\">\n\t\t\t\t\t<div class=\"elementor-column elementor-col-50 elementor-inner-column elementor-element elementor-element-79b2847\" data-id=\"79b2847\" data-element_type=\"column\">\n\t\t\t<div class=\"elementor-widget-wrap elementor-element-populated\">\n\t\t\t\t\t\t\t\t<div class=\"elementor-element elementor-element-87757c1 elementor-widget elementor-widget-heading\" data-id=\"87757c1\" data-element_type=\"widget\" data-widget_type=\"heading.default\">\n\t\t\t\t<div class=\"elementor-widget-container\">\n\t\t\t<h2 class=\"elementor-heading-title elementor-size-default\">SA\u00daDE E BEM-ESTAR<\/h2>\t\t<\/div>\n\t\t\t\t<\/div>\n\t\t\t\t\t<\/div>\n\t\t<\/div>\n\t\t\t\t<div class=\"elementor-column elementor-col-50 elementor-inner-column elementor-element elementor-element-9a5cb10\" data-id=\"9a5cb10\" data-element_type=\"column\">\n\t\t\t<div class=\"elementor-widget-wrap elementor-element-populated\">\n\t\t\t\t\t\t\t\t<div class=\"elementor-element elementor-element-49f8c80 elementor-widget elementor-widget-heading\" data-id=\"49f8c80\" data-element_type=\"widget\" data-widget_type=\"heading.default\">\n\t\t\t\t<div class=\"elementor-widget-container\">\n\t\t\t<h2 class=\"elementor-heading-title elementor-size-default\"><a href=\"https:\/\/serviir.com.br\/novosite\/\/serviir-blog-v2-saude-e-bem-estar\/\">ver tudo<\/a><\/h2>\t\t<\/div>\n\t\t\t\t<\/div>\n\t\t\t\t\t<\/div>\n\t\t<\/div>\n\t\t\t\t\t\t\t<\/div>\n\t\t<\/section>\n\t\t\t\t<div class=\"elementor-element elementor-element-8d2537d elementor-grid-3 elementor-grid-tablet-2 elementor-grid-mobile-1 elementor-posts--thumbnail-top elementor-card-shadow-yes elementor-posts__hover-gradient elementor-invisible elementor-widget elementor-widget-posts\" data-id=\"8d2537d\" data-element_type=\"widget\" data-settings=\"{&quot;_animation&quot;:&quot;bounceIn&quot;,&quot;cards_columns&quot;:&quot;3&quot;,&quot;cards_columns_tablet&quot;:&quot;2&quot;,&quot;cards_columns_mobile&quot;:&quot;1&quot;,&quot;cards_row_gap&quot;:{&quot;unit&quot;:&quot;px&quot;,&quot;size&quot;:35,&quot;sizes&quot;:[]},&quot;cards_row_gap_tablet&quot;:{&quot;unit&quot;:&quot;px&quot;,&quot;size&quot;:&quot;&quot;,&quot;sizes&quot;:[]},&quot;cards_row_gap_mobile&quot;:{&quot;unit&quot;:&quot;px&quot;,&quot;size&quot;:&quot;&quot;,&quot;sizes&quot;:[]}}\" data-widget_type=\"posts.cards\">\n\t\t\t\t<div class=\"elementor-widget-container\">\n\t\t\t\t\t<div class=\"elementor-posts-container elementor-posts elementor-posts--skin-cards elementor-grid\">\n\t\t\t\t<article class=\"elementor-post elementor-grid-item post-7085 post type-post status-publish format-standard has-post-thumbnail hentry category-saude-e-bem-estar tag-acessibilidade tag-aids tag-central-de-libras tag-comunidade-surda tag-dezembro-vermelho tag-hiv tag-ist tag-lingua-de-sinais entry has-media\">\n\t\t\t<div class=\"elementor-post__card\">\n\t\t\t\t<a class=\"elementor-post__thumbnail__link\" href=\"https:\/\/serviir.com.br\/novosite\/voce-conhece-a-campanha-dezembro-vermelho\/\" tabindex=\"-1\" ><div class=\"elementor-post__thumbnail\"><img loading=\"lazy\" decoding=\"async\" width=\"300\" height=\"169\" src=\"https:\/\/serviir.com.br\/novosite\/wp-content\/uploads\/2023\/12\/capa_blog_dezembro_vermelho-300x169.png\" class=\"attachment-medium size-medium wp-image-7086\" alt=\"\" srcset=\"https:\/\/serviir.com.br\/novosite\/wp-content\/uploads\/2023\/12\/capa_blog_dezembro_vermelho-300x169.png 300w, https:\/\/serviir.com.br\/novosite\/wp-content\/uploads\/2023\/12\/capa_blog_dezembro_vermelho-1024x576.png 1024w, https:\/\/serviir.com.br\/novosite\/wp-content\/uploads\/2023\/12\/capa_blog_dezembro_vermelho-768x432.png 768w, https:\/\/serviir.com.br\/novosite\/wp-content\/uploads\/2023\/12\/capa_blog_dezembro_vermelho-1536x864.png 1536w, https:\/\/serviir.com.br\/novosite\/wp-content\/uploads\/2023\/12\/capa_blog_dezembro_vermelho-800x450.png 800w, https:\/\/serviir.com.br\/novosite\/wp-content\/uploads\/2023\/12\/capa_blog_dezembro_vermelho.png 1920w\" sizes=\"auto, (max-width: 300px) 100vw, 300px\" \/><\/div><\/a>\n\t\t\t\t<div class=\"elementor-post__text\">\n\t\t\t\t<h3 class=\"elementor-post__title\">\n\t\t\t<a href=\"https:\/\/serviir.com.br\/novosite\/voce-conhece-a-campanha-dezembro-vermelho\/\" >\n\t\t\t\tVoc\u00ea conhece a campanha Dezembro Vermelho?\t\t\t<\/a>\n\t\t<\/h3>\n\t\t\t\t<div class=\"elementor-post__excerpt\">\n\t\t\t<p>&nbsp; A campanha Dezembro Vermelho foi institu\u00edda no Brasil em 2017, com a proposta de mobilizar a popula\u00e7\u00e3o sobre a preven\u00e7\u00e3o ao v\u00edrus HIV, a<\/p>\n\t\t<\/div>\n\t\t\n\t\t<a class=\"elementor-post__read-more\" href=\"https:\/\/serviir.com.br\/novosite\/voce-conhece-a-campanha-dezembro-vermelho\/\" aria-label=\"Leia mais sobre Voc\u00ea conhece a campanha Dezembro Vermelho?\" tabindex=\"-1\" >\n\t\t\tContinuar Leitura \u00bb\t\t<\/a>\n\n\t\t\t\t<\/div>\n\t\t\t\t\t<\/div>\n\t\t<\/article>\n\t\t\t\t<article class=\"elementor-post elementor-grid-item post-7074 post type-post status-publish format-standard has-post-thumbnail hentry category-saude-e-bem-estar tag-acessibilidade tag-comunidade-surda tag-desporto-de-surdos entry has-media\">\n\t\t\t<div class=\"elementor-post__card\">\n\t\t\t\t<a class=\"elementor-post__thumbnail__link\" href=\"https:\/\/serviir.com.br\/novosite\/brasil-vai-sediar-o-campeonato-mundial-de-futsal-de-surdos-2023\/\" tabindex=\"-1\" ><div class=\"elementor-post__thumbnail\"><img loading=\"lazy\" decoding=\"async\" width=\"300\" height=\"169\" src=\"https:\/\/serviir.com.br\/novosite\/wp-content\/uploads\/2023\/11\/CAPA-YT-300x169.png\" class=\"attachment-medium size-medium wp-image-7076\" alt=\"arte de divulga\u00e7\u00e3o do mundial de futsal de surdos\" srcset=\"https:\/\/serviir.com.br\/novosite\/wp-content\/uploads\/2023\/11\/CAPA-YT-300x169.png 300w, https:\/\/serviir.com.br\/novosite\/wp-content\/uploads\/2023\/11\/CAPA-YT-1024x576.png 1024w, https:\/\/serviir.com.br\/novosite\/wp-content\/uploads\/2023\/11\/CAPA-YT-768x432.png 768w, https:\/\/serviir.com.br\/novosite\/wp-content\/uploads\/2023\/11\/CAPA-YT-1536x864.png 1536w, https:\/\/serviir.com.br\/novosite\/wp-content\/uploads\/2023\/11\/CAPA-YT-800x450.png 800w, https:\/\/serviir.com.br\/novosite\/wp-content\/uploads\/2023\/11\/CAPA-YT.png 1920w\" sizes=\"auto, (max-width: 300px) 100vw, 300px\" \/><\/div><\/a>\n\t\t\t\t<div class=\"elementor-post__text\">\n\t\t\t\t<h3 class=\"elementor-post__title\">\n\t\t\t<a href=\"https:\/\/serviir.com.br\/novosite\/brasil-vai-sediar-o-campeonato-mundial-de-futsal-de-surdos-2023\/\" >\n\t\t\t\tBrasil vai sediar o Campeonato Mundial de Futsal de Surdos 2023\t\t\t<\/a>\n\t\t<\/h3>\n\t\t\t\t<div class=\"elementor-post__excerpt\">\n\t\t\t<p>Voc\u00ea sabia que o Brasil vai sediar a 5\u00aa edi\u00e7\u00e3o do Campeonato Mundial de Futsal de Surdos? O evento internacional ser\u00e1 realizado entre os dias<\/p>\n\t\t<\/div>\n\t\t\n\t\t<a class=\"elementor-post__read-more\" href=\"https:\/\/serviir.com.br\/novosite\/brasil-vai-sediar-o-campeonato-mundial-de-futsal-de-surdos-2023\/\" aria-label=\"Leia mais sobre Brasil vai sediar o Campeonato Mundial de Futsal de Surdos 2023\" tabindex=\"-1\" >\n\t\t\tContinuar Leitura \u00bb\t\t<\/a>\n\n\t\t\t\t<\/div>\n\t\t\t\t\t<\/div>\n\t\t<\/article>\n\t\t\t\t<article class=\"elementor-post elementor-grid-item post-7066 post type-post status-publish format-standard has-post-thumbnail hentry category-saude-e-bem-estar tag-acessibilidade tag-comunidade-surda tag-prevencao-ao-suicidio tag-psicologia tag-setembro-amarelo entry has-media\">\n\t\t\t<div class=\"elementor-post__card\">\n\t\t\t\t<a class=\"elementor-post__thumbnail__link\" href=\"https:\/\/serviir.com.br\/novosite\/saiba-mais-sobre-a-campanha-nacional-setembro-amarelo\/\" tabindex=\"-1\" ><div class=\"elementor-post__thumbnail\"><img loading=\"lazy\" decoding=\"async\" width=\"300\" height=\"169\" src=\"https:\/\/serviir.com.br\/novosite\/wp-content\/uploads\/2023\/09\/Capa_YT_SETEMBRO_AMARELO-300x169.png\" class=\"attachment-medium size-medium wp-image-7069\" alt=\"arte sobre a campanha Setembro Amarelo\" srcset=\"https:\/\/serviir.com.br\/novosite\/wp-content\/uploads\/2023\/09\/Capa_YT_SETEMBRO_AMARELO-300x169.png 300w, https:\/\/serviir.com.br\/novosite\/wp-content\/uploads\/2023\/09\/Capa_YT_SETEMBRO_AMARELO-1024x576.png 1024w, https:\/\/serviir.com.br\/novosite\/wp-content\/uploads\/2023\/09\/Capa_YT_SETEMBRO_AMARELO-768x432.png 768w, https:\/\/serviir.com.br\/novosite\/wp-content\/uploads\/2023\/09\/Capa_YT_SETEMBRO_AMARELO-1536x864.png 1536w, https:\/\/serviir.com.br\/novosite\/wp-content\/uploads\/2023\/09\/Capa_YT_SETEMBRO_AMARELO-800x450.png 800w, https:\/\/serviir.com.br\/novosite\/wp-content\/uploads\/2023\/09\/Capa_YT_SETEMBRO_AMARELO.png 1920w\" sizes=\"auto, (max-width: 300px) 100vw, 300px\" \/><\/div><\/a>\n\t\t\t\t<div class=\"elementor-post__text\">\n\t\t\t\t<h3 class=\"elementor-post__title\">\n\t\t\t<a href=\"https:\/\/serviir.com.br\/novosite\/saiba-mais-sobre-a-campanha-nacional-setembro-amarelo\/\" >\n\t\t\t\tSetembro Amarelo: saiba mais sobre a campanha de preven\u00e7\u00e3o ao suic\u00eddio\t\t\t<\/a>\n\t\t<\/h3>\n\t\t\t\t<div class=\"elementor-post__excerpt\">\n\t\t\t<p>Voc\u00ea conhece a campanha Setembro Amarelo? Ela tem por objetivo conscientizar as pessoas sobre a import\u00e2ncia de procurar atendimento profissional sempre que precisar de ajuda<\/p>\n\t\t<\/div>\n\t\t\n\t\t<a class=\"elementor-post__read-more\" href=\"https:\/\/serviir.com.br\/novosite\/saiba-mais-sobre-a-campanha-nacional-setembro-amarelo\/\" aria-label=\"Leia mais sobre Setembro Amarelo: saiba mais sobre a campanha de preven\u00e7\u00e3o ao suic\u00eddio\" tabindex=\"-1\" >\n\t\t\tContinuar Leitura \u00bb\t\t<\/a>\n\n\t\t\t\t<\/div>\n\t\t\t\t\t<\/div>\n\t\t<\/article>\n\t\t\t\t<\/div>\n\t\t\n\t\t\t\t<\/div>\n\t\t\t\t<\/div>\n\t\t\t\t<div class=\"elementor-element elementor-element-875e2eb elementor-widget elementor-widget-spacer\" data-id=\"875e2eb\" data-element_type=\"widget\" data-widget_type=\"spacer.default\">\n\t\t\t\t<div class=\"elementor-widget-container\">\n\t\t\t\t\t<div class=\"elementor-spacer\">\n\t\t\t<div class=\"elementor-spacer-inner\"><\/div>\n\t\t<\/div>\n\t\t\t\t<\/div>\n\t\t\t\t<\/div>\n\t\t\t\t<section class=\"elementor-section elementor-inner-section elementor-element elementor-element-eca1f2e elementor-section-full_width elementor-section-height-default elementor-section-height-default\" data-id=\"eca1f2e\" data-element_type=\"section\">\n\t\t\t\t\t\t<div class=\"elementor-container elementor-column-gap-default\">\n\t\t\t\t\t<div class=\"elementor-column elementor-col-50 elementor-inner-column elementor-element elementor-element-ce3050b\" data-id=\"ce3050b\" data-element_type=\"column\">\n\t\t\t<div class=\"elementor-widget-wrap elementor-element-populated\">\n\t\t\t\t\t\t\t\t<div class=\"elementor-element elementor-element-9344a06 elementor-widget elementor-widget-heading\" data-id=\"9344a06\" data-element_type=\"widget\" data-widget_type=\"heading.default\">\n\t\t\t\t<div class=\"elementor-widget-container\">\n\t\t\t<h2 class=\"elementor-heading-title elementor-size-default\">ATUALIZA\u00c7\u00d5ES DO BRASIL E DO MUNDO<\/h2>\t\t<\/div>\n\t\t\t\t<\/div>\n\t\t\t\t\t<\/div>\n\t\t<\/div>\n\t\t\t\t<div class=\"elementor-column elementor-col-50 elementor-inner-column elementor-element elementor-element-48ef2c8\" data-id=\"48ef2c8\" data-element_type=\"column\">\n\t\t\t<div class=\"elementor-widget-wrap elementor-element-populated\">\n\t\t\t\t\t\t\t\t<div class=\"elementor-element elementor-element-274c295 elementor-widget elementor-widget-heading\" data-id=\"274c295\" data-element_type=\"widget\" data-widget_type=\"heading.default\">\n\t\t\t\t<div class=\"elementor-widget-container\">\n\t\t\t<h2 class=\"elementor-heading-title elementor-size-default\"><a href=\"https:\/\/serviir.com.br\/novosite\/\/serviir-blog-v2-atualizacoes-do-brasil-e-do-mundo\/\">ver tudo<\/a><\/h2>\t\t<\/div>\n\t\t\t\t<\/div>\n\t\t\t\t\t<\/div>\n\t\t<\/div>\n\t\t\t\t\t\t\t<\/div>\n\t\t<\/section>\n\t\t\t\t<div class=\"elementor-element elementor-element-16feeba elementor-grid-3 elementor-grid-tablet-2 elementor-grid-mobile-1 elementor-posts--thumbnail-top elementor-card-shadow-yes elementor-posts__hover-gradient elementor-invisible elementor-widget elementor-widget-posts\" data-id=\"16feeba\" data-element_type=\"widget\" data-settings=\"{&quot;_animation&quot;:&quot;bounceIn&quot;,&quot;cards_columns&quot;:&quot;3&quot;,&quot;cards_columns_tablet&quot;:&quot;2&quot;,&quot;cards_columns_mobile&quot;:&quot;1&quot;,&quot;cards_row_gap&quot;:{&quot;unit&quot;:&quot;px&quot;,&quot;size&quot;:35,&quot;sizes&quot;:[]},&quot;cards_row_gap_tablet&quot;:{&quot;unit&quot;:&quot;px&quot;,&quot;size&quot;:&quot;&quot;,&quot;sizes&quot;:[]},&quot;cards_row_gap_mobile&quot;:{&quot;unit&quot;:&quot;px&quot;,&quot;size&quot;:&quot;&quot;,&quot;sizes&quot;:[]}}\" data-widget_type=\"posts.cards\">\n\t\t\t\t<div class=\"elementor-widget-container\">\n\t\t\t\t\t<div class=\"elementor-posts-container elementor-posts elementor-posts--skin-cards elementor-grid\">\n\t\t\t\t<article class=\"elementor-post elementor-grid-item post-7059 post type-post status-publish format-standard has-post-thumbnail hentry category-atualidades-do-brasil-e-do-mundo tag-deficiencia-intelectual tag-deficiencia-multipla tag-fenapaes entry has-media\">\n\t\t\t<div class=\"elementor-post__card\">\n\t\t\t\t<a class=\"elementor-post__thumbnail__link\" href=\"https:\/\/serviir.com.br\/novosite\/semana-nacional-da-pessoa-com-deficiencia-intelectual-e-multipla\/\" tabindex=\"-1\" ><div class=\"elementor-post__thumbnail\"><img loading=\"lazy\" decoding=\"async\" width=\"300\" height=\"169\" src=\"https:\/\/serviir.com.br\/novosite\/wp-content\/uploads\/2023\/08\/CAPA-YT-300x169.png\" class=\"attachment-medium size-medium wp-image-7060\" alt=\"arte sobre a Semana Nacional da Pessoa com Defici\u00eancia Intelectual e M\u00faltipla\" srcset=\"https:\/\/serviir.com.br\/novosite\/wp-content\/uploads\/2023\/08\/CAPA-YT-300x169.png 300w, https:\/\/serviir.com.br\/novosite\/wp-content\/uploads\/2023\/08\/CAPA-YT-1024x576.png 1024w, https:\/\/serviir.com.br\/novosite\/wp-content\/uploads\/2023\/08\/CAPA-YT-768x432.png 768w, https:\/\/serviir.com.br\/novosite\/wp-content\/uploads\/2023\/08\/CAPA-YT-1536x864.png 1536w, https:\/\/serviir.com.br\/novosite\/wp-content\/uploads\/2023\/08\/CAPA-YT-800x450.png 800w, https:\/\/serviir.com.br\/novosite\/wp-content\/uploads\/2023\/08\/CAPA-YT.png 1920w\" sizes=\"auto, (max-width: 300px) 100vw, 300px\" \/><\/div><\/a>\n\t\t\t\t<div class=\"elementor-post__text\">\n\t\t\t\t<h3 class=\"elementor-post__title\">\n\t\t\t<a href=\"https:\/\/serviir.com.br\/novosite\/semana-nacional-da-pessoa-com-deficiencia-intelectual-e-multipla\/\" >\n\t\t\t\tSemana Nacional da Pessoa com Defici\u00eancia Intelectual e M\u00faltipla\t\t\t<\/a>\n\t\t<\/h3>\n\t\t\t\t<div class=\"elementor-post__excerpt\">\n\t\t\t<p>Nesta semana, entre os dias 21 e 28 de agosto, ser\u00e1 comemorada a\u00a0 Semana Nacional da Pessoa com Defici\u00eancia Intelectual e M\u00faltipla, uma campanha anual,<\/p>\n\t\t<\/div>\n\t\t\n\t\t<a class=\"elementor-post__read-more\" href=\"https:\/\/serviir.com.br\/novosite\/semana-nacional-da-pessoa-com-deficiencia-intelectual-e-multipla\/\" aria-label=\"Leia mais sobre Semana Nacional da Pessoa com Defici\u00eancia Intelectual e M\u00faltipla\" tabindex=\"-1\" >\n\t\t\tContinuar Leitura \u00bb\t\t<\/a>\n\n\t\t\t\t<\/div>\n\t\t\t\t<div class=\"elementor-post__meta-data\">\n\t\t\t\t\t<span class=\"elementor-post-date\">\n\t\t\t21 de agosto de 2023\t\t<\/span>\n\t\t\t\t<\/div>\n\t\t\t\t\t<\/div>\n\t\t<\/article>\n\t\t\t\t<article class=\"elementor-post elementor-grid-item post-7050 post type-post status-publish format-standard has-post-thumbnail hentry category-atualidades-do-brasil-e-do-mundo tag-badminton tag-cbds tag-desporto-de-surdos entry has-media\">\n\t\t\t<div class=\"elementor-post__card\">\n\t\t\t\t<a class=\"elementor-post__thumbnail__link\" href=\"https:\/\/serviir.com.br\/novosite\/voce-sabia-que-o-brasil-vai-sediar-o-campeonato-mundial-de-badminton-de-surdos\/\" tabindex=\"-1\" ><div class=\"elementor-post__thumbnail\"><img loading=\"lazy\" decoding=\"async\" width=\"300\" height=\"169\" src=\"https:\/\/serviir.com.br\/novosite\/wp-content\/uploads\/2023\/07\/CAPA-YT-300x169.png\" class=\"attachment-medium size-medium wp-image-7051\" alt=\"\" srcset=\"https:\/\/serviir.com.br\/novosite\/wp-content\/uploads\/2023\/07\/CAPA-YT-300x169.png 300w, https:\/\/serviir.com.br\/novosite\/wp-content\/uploads\/2023\/07\/CAPA-YT-1024x576.png 1024w, https:\/\/serviir.com.br\/novosite\/wp-content\/uploads\/2023\/07\/CAPA-YT-768x432.png 768w, https:\/\/serviir.com.br\/novosite\/wp-content\/uploads\/2023\/07\/CAPA-YT-1536x864.png 1536w, https:\/\/serviir.com.br\/novosite\/wp-content\/uploads\/2023\/07\/CAPA-YT-800x450.png 800w, https:\/\/serviir.com.br\/novosite\/wp-content\/uploads\/2023\/07\/CAPA-YT.png 1920w\" sizes=\"auto, (max-width: 300px) 100vw, 300px\" \/><\/div><\/a>\n\t\t\t\t<div class=\"elementor-post__text\">\n\t\t\t\t<h3 class=\"elementor-post__title\">\n\t\t\t<a href=\"https:\/\/serviir.com.br\/novosite\/voce-sabia-que-o-brasil-vai-sediar-o-campeonato-mundial-de-badminton-de-surdos\/\" >\n\t\t\t\tVoc\u00ea sabia que o Brasil vai sediar o Campeonato Mundial de Badminton de Surdos?\t\t\t<\/a>\n\t\t<\/h3>\n\t\t\t\t<div class=\"elementor-post__excerpt\">\n\t\t\t<p>Entre os dias 10 e 25 de julho de 2023, ser\u00e1 realizado no Brasil o Campeonato Mundial de Badminton de Surdos, na cidade de Par\u00e1<\/p>\n\t\t<\/div>\n\t\t\n\t\t<a class=\"elementor-post__read-more\" href=\"https:\/\/serviir.com.br\/novosite\/voce-sabia-que-o-brasil-vai-sediar-o-campeonato-mundial-de-badminton-de-surdos\/\" aria-label=\"Leia mais sobre Voc\u00ea sabia que o Brasil vai sediar o Campeonato Mundial de Badminton de Surdos?\" tabindex=\"-1\" >\n\t\t\tContinuar Leitura \u00bb\t\t<\/a>\n\n\t\t\t\t<\/div>\n\t\t\t\t<div class=\"elementor-post__meta-data\">\n\t\t\t\t\t<span class=\"elementor-post-date\">\n\t\t\t6 de julho de 2023\t\t<\/span>\n\t\t\t\t<\/div>\n\t\t\t\t\t<\/div>\n\t\t<\/article>\n\t\t\t\t<article class=\"elementor-post elementor-grid-item post-6851 post type-post status-publish format-standard has-post-thumbnail hentry category-atualidades-do-brasil-e-do-mundo tag-acessibilidade tag-comunidade-surda tag-feneis tag-helen-keller tag-libras tag-lingua-de-sinais tag-pessoas-surdocegas tag-surdocegueira entry has-media\">\n\t\t\t<div class=\"elementor-post__card\">\n\t\t\t\t<a class=\"elementor-post__thumbnail__link\" href=\"https:\/\/serviir.com.br\/novosite\/saiba-mais-sobre-o-dia-internacional-das-pessoas-surdocegas\/\" tabindex=\"-1\" ><div class=\"elementor-post__thumbnail\"><img loading=\"lazy\" decoding=\"async\" width=\"300\" height=\"169\" src=\"https:\/\/serviir.com.br\/novosite\/wp-content\/uploads\/2023\/06\/blog-serviir-pessoa-surdocega-300x169.png\" class=\"attachment-medium size-medium wp-image-6852\" alt=\"\" srcset=\"https:\/\/serviir.com.br\/novosite\/wp-content\/uploads\/2023\/06\/blog-serviir-pessoa-surdocega-300x169.png 300w, https:\/\/serviir.com.br\/novosite\/wp-content\/uploads\/2023\/06\/blog-serviir-pessoa-surdocega-1024x576.png 1024w, https:\/\/serviir.com.br\/novosite\/wp-content\/uploads\/2023\/06\/blog-serviir-pessoa-surdocega-768x432.png 768w, https:\/\/serviir.com.br\/novosite\/wp-content\/uploads\/2023\/06\/blog-serviir-pessoa-surdocega-1536x864.png 1536w, https:\/\/serviir.com.br\/novosite\/wp-content\/uploads\/2023\/06\/blog-serviir-pessoa-surdocega-800x450.png 800w, https:\/\/serviir.com.br\/novosite\/wp-content\/uploads\/2023\/06\/blog-serviir-pessoa-surdocega.png 1920w\" sizes=\"auto, (max-width: 300px) 100vw, 300px\" \/><\/div><\/a>\n\t\t\t\t<div class=\"elementor-post__text\">\n\t\t\t\t<h3 class=\"elementor-post__title\">\n\t\t\t<a href=\"https:\/\/serviir.com.br\/novosite\/saiba-mais-sobre-o-dia-internacional-das-pessoas-surdocegas\/\" >\n\t\t\t\tSaiba mais sobre o Dia Internacional das Pessoas Surdocegas\t\t\t<\/a>\n\t\t<\/h3>\n\t\t\t\t<div class=\"elementor-post__excerpt\">\n\t\t\t<p>Hoje, 27 de junho, \u00e9 comemorado o Dia Internacional das Pessoas Surdocegas. Segundo dados da Feneis, existem cerca de 40 mil pessoas surdocegas no Brasil.<\/p>\n\t\t<\/div>\n\t\t\n\t\t<a class=\"elementor-post__read-more\" href=\"https:\/\/serviir.com.br\/novosite\/saiba-mais-sobre-o-dia-internacional-das-pessoas-surdocegas\/\" aria-label=\"Leia mais sobre Saiba mais sobre o Dia Internacional das Pessoas Surdocegas\" tabindex=\"-1\" >\n\t\t\tContinuar Leitura \u00bb\t\t<\/a>\n\n\t\t\t\t<\/div>\n\t\t\t\t<div class=\"elementor-post__meta-data\">\n\t\t\t\t\t<span class=\"elementor-post-date\">\n\t\t\t27 de junho de 2023\t\t<\/span>\n\t\t\t\t<\/div>\n\t\t\t\t\t<\/div>\n\t\t<\/article>\n\t\t\t\t<\/div>\n\t\t\n\t\t\t\t<\/div>\n\t\t\t\t<\/div>\n\t\t\t\t<div class=\"elementor-element elementor-element-322f052 elementor-widget elementor-widget-spacer\" data-id=\"322f052\" data-element_type=\"widget\" data-widget_type=\"spacer.default\">\n\t\t\t\t<div class=\"elementor-widget-container\">\n\t\t\t\t\t<div class=\"elementor-spacer\">\n\t\t\t<div class=\"elementor-spacer-inner\"><\/div>\n\t\t<\/div>\n\t\t\t\t<\/div>\n\t\t\t\t<\/div>\n\t\t\t\t<section class=\"elementor-section elementor-inner-section elementor-element elementor-element-3078a0c elementor-section-full_width elementor-section-height-default elementor-section-height-default\" data-id=\"3078a0c\" data-element_type=\"section\">\n\t\t\t\t\t\t<div class=\"elementor-container elementor-column-gap-default\">\n\t\t\t\t\t<div class=\"elementor-column elementor-col-50 elementor-inner-column elementor-element elementor-element-207570e\" data-id=\"207570e\" data-element_type=\"column\">\n\t\t\t<div class=\"elementor-widget-wrap elementor-element-populated\">\n\t\t\t\t\t\t\t\t<div class=\"elementor-element elementor-element-39d7e67 elementor-widget elementor-widget-heading\" data-id=\"39d7e67\" data-element_type=\"widget\" data-widget_type=\"heading.default\">\n\t\t\t\t<div class=\"elementor-widget-container\">\n\t\t\t<h2 class=\"elementor-heading-title elementor-size-default\">AGENDA CULTURAL E ENTRETENIMENTO<\/h2>\t\t<\/div>\n\t\t\t\t<\/div>\n\t\t\t\t\t<\/div>\n\t\t<\/div>\n\t\t\t\t<div class=\"elementor-column elementor-col-50 elementor-inner-column elementor-element elementor-element-3ce6f8b\" data-id=\"3ce6f8b\" data-element_type=\"column\">\n\t\t\t<div class=\"elementor-widget-wrap elementor-element-populated\">\n\t\t\t\t\t\t\t\t<div class=\"elementor-element elementor-element-4ca9570 elementor-widget elementor-widget-heading\" data-id=\"4ca9570\" data-element_type=\"widget\" data-widget_type=\"heading.default\">\n\t\t\t\t<div class=\"elementor-widget-container\">\n\t\t\t<h2 class=\"elementor-heading-title elementor-size-default\"><a href=\"https:\/\/serviir.com.br\/novosite\/\/serviir-blog-v2-agenda-cultural-e-entretenimento\/\">ver tudo<\/a><\/h2>\t\t<\/div>\n\t\t\t\t<\/div>\n\t\t\t\t\t<\/div>\n\t\t<\/div>\n\t\t\t\t\t\t\t<\/div>\n\t\t<\/section>\n\t\t\t\t<div class=\"elementor-element elementor-element-ae88e7b elementor-grid-3 elementor-grid-tablet-2 elementor-grid-mobile-1 elementor-posts--thumbnail-top elementor-card-shadow-yes elementor-posts__hover-gradient elementor-invisible elementor-widget elementor-widget-posts\" data-id=\"ae88e7b\" data-element_type=\"widget\" data-settings=\"{&quot;_animation&quot;:&quot;bounceIn&quot;,&quot;cards_columns&quot;:&quot;3&quot;,&quot;cards_columns_tablet&quot;:&quot;2&quot;,&quot;cards_columns_mobile&quot;:&quot;1&quot;,&quot;cards_row_gap&quot;:{&quot;unit&quot;:&quot;px&quot;,&quot;size&quot;:35,&quot;sizes&quot;:[]},&quot;cards_row_gap_tablet&quot;:{&quot;unit&quot;:&quot;px&quot;,&quot;size&quot;:&quot;&quot;,&quot;sizes&quot;:[]},&quot;cards_row_gap_mobile&quot;:{&quot;unit&quot;:&quot;px&quot;,&quot;size&quot;:&quot;&quot;,&quot;sizes&quot;:[]}}\" data-widget_type=\"posts.cards\">\n\t\t\t\t<div class=\"elementor-widget-container\">\n\t\t\t\t\t<div class=\"elementor-posts-container elementor-posts elementor-posts--skin-cards elementor-grid\">\n\t\t\t\t<article class=\"elementor-post elementor-grid-item post-6252 post type-post status-publish format-standard has-post-thumbnail hentry category-agenda-cultural-e-entretenimento category-atualidades-do-brasil-e-do-mundo entry has-media\">\n\t\t\t<div class=\"elementor-post__card\">\n\t\t\t\t<a class=\"elementor-post__thumbnail__link\" href=\"https:\/\/serviir.com.br\/novosite\/comissao-aprova-projeto-que-torna-obrigatorio-cardapio-em-libras-em-bares-e-restaurantes\/\" tabindex=\"-1\" ><div class=\"elementor-post__thumbnail\"><img loading=\"lazy\" decoding=\"async\" width=\"300\" height=\"169\" src=\"https:\/\/serviir.com.br\/novosite\/wp-content\/uploads\/2022\/07\/Restaurante-300x169.png\" class=\"attachment-medium size-medium wp-image-6253\" alt=\"\" srcset=\"https:\/\/serviir.com.br\/novosite\/wp-content\/uploads\/2022\/07\/Restaurante-300x169.png 300w, https:\/\/serviir.com.br\/novosite\/wp-content\/uploads\/2022\/07\/Restaurante-1024x576.png 1024w, https:\/\/serviir.com.br\/novosite\/wp-content\/uploads\/2022\/07\/Restaurante-768x432.png 768w, https:\/\/serviir.com.br\/novosite\/wp-content\/uploads\/2022\/07\/Restaurante-800x450.png 800w, https:\/\/serviir.com.br\/novosite\/wp-content\/uploads\/2022\/07\/Restaurante.png 1080w\" sizes=\"auto, (max-width: 300px) 100vw, 300px\" \/><\/div><\/a>\n\t\t\t\t<div class=\"elementor-post__text\">\n\t\t\t\t<h3 class=\"elementor-post__title\">\n\t\t\t<a href=\"https:\/\/serviir.com.br\/novosite\/comissao-aprova-projeto-que-torna-obrigatorio-cardapio-em-libras-em-bares-e-restaurantes\/\" >\n\t\t\t\tComiss\u00e3o aprova projeto que torna obrigat\u00f3rio card\u00e1pio em Libras em bares e restaurantes\t\t\t<\/a>\n\t\t<\/h3>\n\t\t\t\t<div class=\"elementor-post__excerpt\">\n\t\t\t<p>A Ag\u00eancia C\u00e2mara de Not\u00edcias divulgou que a Comiss\u00e3o de Defesa dos Direitos das Pessoas com Defici\u00eancia da C\u00e2mara dos Deputados aprovou o projeto que<\/p>\n\t\t<\/div>\n\t\t\n\t\t<a class=\"elementor-post__read-more\" href=\"https:\/\/serviir.com.br\/novosite\/comissao-aprova-projeto-que-torna-obrigatorio-cardapio-em-libras-em-bares-e-restaurantes\/\" aria-label=\"Leia mais sobre Comiss\u00e3o aprova projeto que torna obrigat\u00f3rio card\u00e1pio em Libras em bares e restaurantes\" tabindex=\"-1\" >\n\t\t\tContinuar Leitura \u00bb\t\t<\/a>\n\n\t\t\t\t<\/div>\n\t\t\t\t\t<\/div>\n\t\t<\/article>\n\t\t\t\t<article class=\"elementor-post elementor-grid-item post-5861 post type-post status-publish format-standard has-post-thumbnail hentry category-agenda-cultural-e-entretenimento entry has-media\">\n\t\t\t<div class=\"elementor-post__card\">\n\t\t\t\t<a class=\"elementor-post__thumbnail__link\" href=\"https:\/\/serviir.com.br\/novosite\/dia-do-riso\/\" tabindex=\"-1\" ><div class=\"elementor-post__thumbnail\"><img loading=\"lazy\" decoding=\"async\" width=\"300\" height=\"168\" src=\"https:\/\/serviir.com.br\/novosite\/wp-content\/uploads\/2021\/07\/dia-do-riso-18-05-21-300x168.png\" class=\"attachment-medium size-medium wp-image-5862\" alt=\"\" srcset=\"https:\/\/serviir.com.br\/novosite\/wp-content\/uploads\/2021\/07\/dia-do-riso-18-05-21-300x168.png 300w, https:\/\/serviir.com.br\/novosite\/wp-content\/uploads\/2021\/07\/dia-do-riso-18-05-21-1024x573.png 1024w, https:\/\/serviir.com.br\/novosite\/wp-content\/uploads\/2021\/07\/dia-do-riso-18-05-21-768x430.png 768w, https:\/\/serviir.com.br\/novosite\/wp-content\/uploads\/2021\/07\/dia-do-riso-18-05-21-1536x860.png 1536w, https:\/\/serviir.com.br\/novosite\/wp-content\/uploads\/2021\/07\/dia-do-riso-18-05-21.png 1916w\" sizes=\"auto, (max-width: 300px) 100vw, 300px\" \/><\/div><\/a>\n\t\t\t\t<div class=\"elementor-post__text\">\n\t\t\t\t<h3 class=\"elementor-post__title\">\n\t\t\t<a href=\"https:\/\/serviir.com.br\/novosite\/dia-do-riso\/\" >\n\t\t\t\tDia do Riso\t\t\t<\/a>\n\t\t<\/h3>\n\t\t\t\t<div class=\"elementor-post__excerpt\">\n\t\t\t<p>&#8211; Aham, oi, oi, oi&#8230; Tudo bem? Tudo \u00f3timo. Ent\u00e3o, eu vou contar uma coisa pra voc\u00eas que aconteceu. Um MICO, sim, um MICO! &#8211;<\/p>\n\t\t<\/div>\n\t\t\n\t\t<a class=\"elementor-post__read-more\" href=\"https:\/\/serviir.com.br\/novosite\/dia-do-riso\/\" aria-label=\"Leia mais sobre Dia do Riso\" tabindex=\"-1\" >\n\t\t\tContinuar Leitura \u00bb\t\t<\/a>\n\n\t\t\t\t<\/div>\n\t\t\t\t\t<\/div>\n\t\t<\/article>\n\t\t\t\t<article class=\"elementor-post elementor-grid-item post-200 post type-post status-publish format-standard has-post-thumbnail hentry category-agenda-cultural-e-entretenimento entry has-media\">\n\t\t\t<div class=\"elementor-post__card\">\n\t\t\t\t<a class=\"elementor-post__thumbnail__link\" href=\"https:\/\/serviir.com.br\/novosite\/feliz-ano-novo\/\" tabindex=\"-1\" ><div class=\"elementor-post__thumbnail\"><img loading=\"lazy\" decoding=\"async\" width=\"300\" height=\"169\" src=\"https:\/\/serviir.com.br\/novosite\/wp-content\/uploads\/2019\/12\/Feliz-Ano-Novo-300x169.png\" class=\"attachment-medium size-medium wp-image-203\" alt=\"Feliz Ano Novo!\" srcset=\"https:\/\/serviir.com.br\/novosite\/wp-content\/uploads\/2019\/12\/Feliz-Ano-Novo-300x169.png 300w, https:\/\/serviir.com.br\/novosite\/wp-content\/uploads\/2019\/12\/Feliz-Ano-Novo-768x432.png 768w, https:\/\/serviir.com.br\/novosite\/wp-content\/uploads\/2019\/12\/Feliz-Ano-Novo.png 961w\" sizes=\"auto, (max-width: 300px) 100vw, 300px\" \/><\/div><\/a>\n\t\t\t\t<div class=\"elementor-post__text\">\n\t\t\t\t<h3 class=\"elementor-post__title\">\n\t\t\t<a href=\"https:\/\/serviir.com.br\/novosite\/feliz-ano-novo\/\" >\n\t\t\t\tFeliz Ano Novo!\t\t\t<\/a>\n\t\t<\/h3>\n\t\t\t\t<div class=\"elementor-post__excerpt\">\n\t\t\t<p>A Serviir deseja que 2020 seja um ano cheio de #conversas, e mais: #acessibilidade, #empatia, #independencia e #igualdade. FELIZ 2020!<\/p>\n\t\t<\/div>\n\t\t\n\t\t<a class=\"elementor-post__read-more\" href=\"https:\/\/serviir.com.br\/novosite\/feliz-ano-novo\/\" aria-label=\"Leia mais sobre Feliz Ano Novo!\" tabindex=\"-1\" >\n\t\t\tContinuar Leitura \u00bb\t\t<\/a>\n\n\t\t\t\t<\/div>\n\t\t\t\t\t<\/div>\n\t\t<\/article>\n\t\t\t\t<\/div>\n\t\t\n\t\t\t\t<\/div>\n\t\t\t\t<\/div>\n\t\t\t\t<div class=\"elementor-element elementor-element-091d2d7 elementor-widget elementor-widget-spacer\" data-id=\"091d2d7\" data-element_type=\"widget\" data-widget_type=\"spacer.default\">\n\t\t\t\t<div class=\"elementor-widget-container\">\n\t\t\t\t\t<div class=\"elementor-spacer\">\n\t\t\t<div class=\"elementor-spacer-inner\"><\/div>\n\t\t<\/div>\n\t\t\t\t<\/div>\n\t\t\t\t<\/div>\n\t\t\t\t<div class=\"elementor-element elementor-element-9af73d9 elementor-widget elementor-widget-spacer\" data-id=\"9af73d9\" data-element_type=\"widget\" data-widget_type=\"spacer.default\">\n\t\t\t\t<div class=\"elementor-widget-container\">\n\t\t\t\t\t<div class=\"elementor-spacer\">\n\t\t\t<div class=\"elementor-spacer-inner\"><\/div>\n\t\t<\/div>\n\t\t\t\t<\/div>\n\t\t\t\t<\/div>\n\t\t\t\t<div class=\"elementor-element elementor-element-ef4c990 elementor-widget elementor-widget-text-editor\" data-id=\"ef4c990\" data-element_type=\"widget\" data-settings=\"{&quot;motion_fx_motion_fx_scrolling&quot;:&quot;yes&quot;,&quot;motion_fx_scale_effect&quot;:&quot;yes&quot;,&quot;motion_fx_scale_speed&quot;:{&quot;unit&quot;:&quot;px&quot;,&quot;size&quot;:2,&quot;sizes&quot;:[]},&quot;motion_fx_scale_direction&quot;:&quot;out-in&quot;,&quot;motion_fx_scale_range&quot;:{&quot;unit&quot;:&quot;%&quot;,&quot;size&quot;:&quot;&quot;,&quot;sizes&quot;:{&quot;start&quot;:20,&quot;end&quot;:80}},&quot;motion_fx_devices&quot;:[&quot;desktop&quot;,&quot;tablet&quot;,&quot;mobile&quot;]}\" data-widget_type=\"text-editor.default\">\n\t\t\t\t<div class=\"elementor-widget-container\">\n\t\t\t\t\t\t\t<p><a href=\"https:\/\/serviir.com.br\/novosite\/\/serviir-contato-v2\/\">CLIQUE AQUI<\/a> para mais informa\u00e7\u00f5es.<\/p>\t\t\t\t\t\t<\/div>\n\t\t\t\t<\/div>\n\t\t\t\t\t<\/div>\n\t\t<\/div>\n\t\t\t\t\t\t\t<\/div>\n\t\t<\/section>\n\t\t\t\t<section class=\"elementor-section elementor-top-section elementor-element elementor-element-fe114ee elementor-section-boxed elementor-section-height-default elementor-section-height-default\" data-id=\"fe114ee\" data-element_type=\"section\">\n\t\t\t\t\t\t<div class=\"elementor-container elementor-column-gap-default\">\n\t\t\t\t\t<div class=\"elementor-column elementor-col-100 elementor-top-column elementor-element elementor-element-4813a80\" data-id=\"4813a80\" data-element_type=\"column\">\n\t\t\t<div class=\"elementor-widget-wrap\">\n\t\t\t\t\t\t\t\t\t<\/div>\n\t\t<\/div>\n\t\t\t\t\t\t\t<\/div>\n\t\t<\/section>\n\t\t<div class=\"elementor-element elementor-element-0cd022d e-flex e-con-boxed e-con e-parent\" data-id=\"0cd022d\" data-element_type=\"container\" data-settings=\"{&quot;content_width&quot;:&quot;boxed&quot;}\" data-core-v316-plus=\"true\">\n\t\t\t\t\t<div class=\"e-con-inner\">\n\t\t\t\t<div class=\"elementor-element elementor-element-554828d elementor-widget elementor-widget-html\" data-id=\"554828d\" data-element_type=\"widget\" data-widget_type=\"html.default\">\n\t\t\t\t<div class=\"elementor-widget-container\">\n\t\t\t<div vw class=\"enabled\">\n  <div vw-access-button class=\"active\"><\/div>\n  <div vw-plugin-wrapper>\n    <div class=\"vw-plugin-top-wrapper\"><\/div>\n  <\/div>\n<\/div>\n<script src=\"https:\/\/vlibras.gov.br\/app\/vlibras-plugin.js\"><\/script>\n<script>\n  new window.VLibras.Widget('https:\/\/vlibras.gov.br\/app');\n<\/script>\n\t\t<\/div>\n\t\t\t\t<\/div>\n\t\t\t\t\t<\/div>\n\t\t\t\t<\/div>\n\t\t\t\t\t\t\t<\/div>\n\t\t","protected":false},"excerpt":{"rendered":"<p>Fique por dentro Confira as principais novidades, em conte\u00fados com acessibilidade, para manter a comunidade surda informada sobre tudo que pode impactar diretamente sua vida na sociedade. Reproduzir \u00daLTIMAS ATUALIZA\u00c7\u00d5ES SA\u00daDE E BEM-ESTAR ver tudo ATUALIZA\u00c7\u00d5ES DO BRASIL E DO MUNDO ver tudo AGENDA CULTURAL E ENTRETENIMENTO ver tudo CLIQUE AQUI para mais informa\u00e7\u00f5es.<\/p>\n","protected":false},"author":3,"featured_media":0,"parent":0,"menu_order":0,"comment_status":"closed","ping_status":"closed","template":"","meta":{"footnotes":""},"class_list":["post-2186","page","type-page","status-publish","hentry","entry","has-media"],"_links":{"self":[{"href":"https:\/\/serviir.com.br\/novosite\/wp-json\/wp\/v2\/pages\/2186","targetHints":{"allow":["GET"]}}],"collection":[{"href":"https:\/\/serviir.com.br\/novosite\/wp-json\/wp\/v2\/pages"}],"about":[{"href":"https:\/\/serviir.com.br\/novosite\/wp-json\/wp\/v2\/types\/page"}],"author":[{"embeddable":true,"href":"https:\/\/serviir.com.br\/novosite\/wp-json\/wp\/v2\/users\/3"}],"replies":[{"embeddable":true,"href":"https:\/\/serviir.com.br\/novosite\/wp-json\/wp\/v2\/comments?post=2186"}],"version-history":[{"count":270,"href":"https:\/\/serviir.com.br\/novosite\/wp-json\/wp\/v2\/pages\/2186\/revisions"}],"predecessor-version":[{"id":7112,"href":"https:\/\/serviir.com.br\/novosite\/wp-json\/wp\/v2\/pages\/2186\/revisions\/7112"}],"wp:attachment":[{"href":"https:\/\/serviir.com.br\/novosite\/wp-json\/wp\/v2\/media?parent=2186"}],"curies":[{"name":"wp","href":"https:\/\/api.w.org\/{rel}","templated":true}]}}